{"id":7265,"date":"2026-03-23T08:50:11","date_gmt":"2026-03-23T07:50:11","guid":{"rendered":"http:\/\/bilbozaharra.poselab.com\/autoikaskuntza-udan\/"},"modified":"2025-07-30T16:46:52","modified_gmt":"2025-07-30T15:46:52","slug":"autoaprendizaje-en-verano","status":"publish","type":"page","link":"https:\/\/bilbozaharra.eus\/es\/verano-2026\/autoaprendizaje-en-verano\/","title":{"rendered":"Autoaprendizaje en verano"},"content":{"rendered":"<p><img decoding=\"async\" class=\"alignright size-full wp-image-7266\" src=\"https:\/\/bilbozaharra.eus\/wp-content\/uploads\/2015\/04\/autoikaskuntza-udan.png\" alt=\"\" width=\"400\" height=\"991\" srcset=\"https:\/\/bilbozaharra.eus\/wp-content\/uploads\/2015\/04\/autoikaskuntza-udan.png 400w, https:\/\/bilbozaharra.eus\/wp-content\/uploads\/2015\/04\/autoikaskuntza-udan-121x300.png 121w\" sizes=\"(max-width: 400px) 100vw, 400px\" \/>Flexibilidad absoluta de horarios para aprender euskara: abierta todo el d\u00eda, incluso s\u00e1bados por la ma\u00f1ana.<\/p>\n<p>Siempre bajo la supervisi\u00f3n de un profesor \/ tutor. Cuando tu quieras, el tiempo que quieras. Diferentes posibilidades de matricula.<\/p>\n<p>Con el apoyo de sistemas inform\u00e1ticos. BOGA, el programa inform\u00e1tico dise\u00f1ado por HABE. Podr\u00e1s utilizarlo sin l\u00edmite de horas. A dem\u00e1s, tendr\u00e1s una sesi\u00f3n de oratoria a la semana con un tutor.<\/p>\n<p>Cursos dise\u00f1ados seg\u00fan las necesidades de cada alumno.<\/p>\n<p>Preparaci\u00f3n de los niveles A1, A2, B1, B2 y C1 de \u00a0HABE, perfiles ling\u00fc\u00edsticos de educaci\u00f3n, administraci\u00f3n, Escuela de Idiomas, EGA\u2026<\/p>\n\n<table id=\"tablepress-verano-auto\" class=\"tablepress tablepress-id-verano-auto tbody-has-connected-cells\">\n<thead>\n<tr class=\"row-1\">\n\t<th class=\"column-1\">MODALIDAD<\/th><th class=\"column-2\">MES<\/th><th class=\"column-3\">PRECIO<\/th><td class=\"column-4\"><\/td>\n<\/tr>\n<\/thead>\n<tbody class=\"row-striping row-hover\">\n<tr class=\"row-2\">\n\t<td class=\"column-1\">MIX<\/td><td class=\"column-2\">Julio-Septiembre<\/td><td class=\"column-3\">475,00 \u20ac<\/td><td rowspan=\"2\" class=\"column-4\">Todo el verano<\/td>\n<\/tr>\n<tr class=\"row-3\">\n\t<td class=\"column-1\">ON LINE*<\/td><td class=\"column-2\">Julio-Septiembre<\/td><td class=\"column-3\">210,00 \u20ac<\/td>\n<\/tr>\n<tr class=\"row-4\">\n\t<td colspan=\"4\" class=\"column-1\">* No homologado<\/td>\n<\/tr>\n<\/tbody>\n<\/table>\n<!-- #tablepress-verano-auto from cache -->\n<p>Tel\u00e9fono directo para m\u00e1s informaci\u00f3n: 944168535<\/p>\n<p><strong>\u00a1Ahora tambi\u00e9n a trav\u00e9s de INTERNET!<\/strong><\/p>\n<p>Curso de verano trimestral (julio, agosto, septiembre).<\/p>\n<p>Para matricularte\u00a0puedes\u00a0<strong><a href=\"https:\/\/bilbozaharra.eus\/es\/curso-1516\/matricula-cursos-autoaprendizaje\/\">rellena este formulario online<\/a>\u00a0<\/strong>desde hoy mismo, p\u00e1sate por nuestras oficinas.<\/p>\n","protected":false},"excerpt":{"rendered":"<p>Flexibilidad absoluta de horarios para aprender euskara: abierta todo el d\u00eda, incluso s\u00e1bados por la ma\u00f1ana. Siempre bajo la supervisi\u00f3n de un profesor \/ tutor. Cuando tu quieras, el tiempo que quieras. Diferentes posibilidades de matricula. Con el apoyo de sistemas inform\u00e1ticos. BOGA, el programa inform\u00e1tico dise\u00f1ado por HABE. Podr\u00e1s utilizarlo sin l\u00edmite de horas. A dem\u00e1s, tendr\u00e1s una sesi\u00f3n [&hellip;]<\/p>\n","protected":false},"author":1,"featured_media":16495,"parent":11283,"menu_order":9,"comment_status":"closed","ping_status":"closed","template":"","meta":{"_acf_changed":false,"footnotes":""},"categories":[100],"tags":[],"class_list":["post-7265","page","type-page","status-publish","has-post-thumbnail","hentry","category-verano"],"acf":[],"_links":{"self":[{"href":"https:\/\/bilbozaharra.eus\/es\/wp-json\/wp\/v2\/pages\/7265","targetHints":{"allow":["GET"]}}],"collection":[{"href":"https:\/\/bilbozaharra.eus\/es\/wp-json\/wp\/v2\/pages"}],"about":[{"href":"https:\/\/bilbozaharra.eus\/es\/wp-json\/wp\/v2\/types\/page"}],"author":[{"embeddable":true,"href":"https:\/\/bilbozaharra.eus\/es\/wp-json\/wp\/v2\/users\/1"}],"replies":[{"embeddable":true,"href":"https:\/\/bilbozaharra.eus\/es\/wp-json\/wp\/v2\/comments?post=7265"}],"version-history":[{"count":5,"href":"https:\/\/bilbozaharra.eus\/es\/wp-json\/wp\/v2\/pages\/7265\/revisions"}],"predecessor-version":[{"id":16483,"href":"https:\/\/bilbozaharra.eus\/es\/wp-json\/wp\/v2\/pages\/7265\/revisions\/16483"}],"up":[{"embeddable":true,"href":"https:\/\/bilbozaharra.eus\/es\/wp-json\/wp\/v2\/pages\/11283"}],"wp:featuredmedia":[{"embeddable":true,"href":"https:\/\/bilbozaharra.eus\/es\/wp-json\/wp\/v2\/media\/16495"}],"wp:attachment":[{"href":"https:\/\/bilbozaharra.eus\/es\/wp-json\/wp\/v2\/media?parent=7265"}],"wp:term":[{"taxonomy":"category","embeddable":true,"href":"https:\/\/bilbozaharra.eus\/es\/wp-json\/wp\/v2\/categories?post=7265"},{"taxonomy":"post_tag","embeddable":true,"href":"https:\/\/bilbozaharra.eus\/es\/wp-json\/wp\/v2\/tags?post=7265"}],"curies":[{"name":"wp","href":"https:\/\/api.w.org\/{rel}","templated":true}]}}