{"id":11283,"date":"2026-03-23T09:00:21","date_gmt":"2026-03-23T08:00:21","guid":{"rendered":"https:\/\/bilbozaharra.eus\/es\/matricula-verano\/uda-2022-2\/"},"modified":"2026-04-22T10:26:29","modified_gmt":"2026-04-22T09:26:29","slug":"verano-2026","status":"publish","type":"page","link":"https:\/\/bilbozaharra.eus\/es\/verano-2026\/","title":{"rendered":"Verano 2026"},"content":{"rendered":"<div class=\"wpb-content-wrapper\"><p>[vc_row][vc_column][vc_column_text css=\u201d\u201d]Quieres aprovechar el verano para aprender euskera o mejorar tu nivel? Si es as\u00ed, en nuestro euskaltegi tienes cursos para tus necesidades. Barnetegis, cursos especiales de mintza-praktika o pr\u00e1ctica oral, preparaci\u00f3n de ex\u00e1menes HABE, IVAP, IRALE, OSAKIDETZA\u2026 M\u00e1s informaci\u00f3n en nuestras oficinas, o enviando un e-mail a la siguiente direcci\u00f3n: <a href=\"mailto:euskaltegia@bilbozaharra.eus\" target=\"_blank\" rel=\"noopener\">euskaltegia@bilbozaharra.eus<\/a><\/p>\n<h2>Cursos intensivos en Bilbao<\/h2>\n\n<table id=\"tablepress-verano-intensivos\" class=\"tablepress tablepress-id-verano-intensivos tbody-has-connected-cells\">\n<thead>\n<tr class=\"row-1\">\n\t<th class=\"column-1\">MES<\/th><th class=\"column-2\">FECHAS<\/th><th class=\"column-3\">HORARIOS<\/th><th class=\"column-4\">NIVELES<\/th><th class=\"column-5\">PRECIO<\/th>\n<\/tr>\n<\/thead>\n<tbody class=\"row-striping row-hover\">\n<tr class=\"row-2\">\n\t<td class=\"column-1\">Julio<\/td><td class=\"column-2\">1-28<\/td><td class=\"column-3\">08:30-14:00 \/ 15:30-21:00<\/td><td class=\"column-4\">A1, A2, B1, B2, C1<\/td><td rowspan=\"3\" class=\"column-5\">285,00 \u20ac<br \/>\nCada mes*<\/td>\n<\/tr>\n<tr class=\"row-3\">\n\t<td class=\"column-1\">Agosto<\/td><td class=\"column-2\">1-31<\/td><td class=\"column-3\">08:30-14:00<\/td><td class=\"column-4\">A1, A2, B1, B2, C1<\/td>\n<\/tr>\n<tr class=\"row-4\">\n\t<td class=\"column-1\">Septiembre<\/td><td class=\"column-2\">2-28<\/td><td class=\"column-3\">08:30-14:00 \/ 15:30-21:00<\/td><td class=\"column-4\">A1, A2, B1, B2, C1<\/td>\n<\/tr>\n<\/tbody>\n<\/table>\n<!-- #tablepress-verano-intensivos from cache -->\n<p><a href=\"https:\/\/bilbozaharra.eus\/es\/ayudas-economicas\/\">OTRAS SUBVENCIONES<\/a><\/p>\n\n<table id=\"tablepress-verano-niveles\" class=\"tablepress tablepress-id-verano-niveles\">\n<thead>\n<tr class=\"row-1\">\n\t<th class=\"column-1\">NIVELES<\/th><th class=\"column-2\">T\u00cdTULOS<\/th>\n<\/tr>\n<\/thead>\n<tbody class=\"row-striping row-hover\">\n<tr class=\"row-2\">\n\t<td class=\"column-1\">A1<\/td><td class=\"column-2\">\u00a0<\/td>\n<\/tr>\n<tr class=\"row-3\">\n\t<td class=\"column-1\">A2<\/td><td class=\"column-2\">\u00a0<\/td>\n<\/tr>\n<tr class=\"row-4\">\n\t<td class=\"column-1\">B1<\/td><td class=\"column-2\">IVAP 1 \u2013 nivel B1 de HABE \u2013 OSAKIDETZA 1<\/td>\n<\/tr>\n<tr class=\"row-5\">\n\t<td class=\"column-1\">B2<\/td><td class=\"column-2\">IVAP 2 \u2013 nivel B2 de HABE \u2013 OSAKIDETZA 2 \u2013 ERTZAINTZA 1 \u2013 IRALE 1<\/td>\n<\/tr>\n<tr class=\"row-6\">\n\t<td class=\"column-1\">C1<\/td><td class=\"column-2\">EGA \u2013 IVAP 3 \u2013 nivel C1 de HABE \u2013 OSAKIDETZA 3 \u2013 ERTZAINTZA 2 \u2013 IRALE 2<\/td>\n<\/tr>\n<\/tbody>\n<\/table>\n<!-- #tablepress-verano-niveles from cache -->\n<p>Y para los niveles A1, A2 y C1 precios especiales! (Condiciones <a href=\"https:\/\/www.habe.euskadi.eus\/ayuda_subvencion\/2025\/subvenciones-de-2025-para-estudiantes-de-euskera\/webhabe00-edukiak\/es\/\">aqu\u00ed<\/a>)<\/p>\n<p><a href=\"https:\/\/bilbozaharra.eus\/wp-content\/uploads\/2026\/03\/Deskontuak-2-1.jpg\"><img decoding=\"async\" class=\"aligncenter wp-image-17106 size-large\" src=\"https:\/\/bilbozaharra.eus\/wp-content\/uploads\/2026\/03\/Deskontuak-2-1-1250x654.jpg\" alt=\"\" width=\"1200\" height=\"628\" srcset=\"https:\/\/bilbozaharra.eus\/wp-content\/uploads\/2026\/03\/Deskontuak-2-1-1250x654.jpg 1250w, https:\/\/bilbozaharra.eus\/wp-content\/uploads\/2026\/03\/Deskontuak-2-1-300x157.jpg 300w, https:\/\/bilbozaharra.eus\/wp-content\/uploads\/2026\/03\/Deskontuak-2-1-768x402.jpg 768w, https:\/\/bilbozaharra.eus\/wp-content\/uploads\/2026\/03\/Deskontuak-2-1-672x351.jpg 672w, https:\/\/bilbozaharra.eus\/wp-content\/uploads\/2026\/03\/Deskontuak-2-1-1038x543.jpg 1038w, https:\/\/bilbozaharra.eus\/wp-content\/uploads\/2026\/03\/Deskontuak-2-1-480x251.jpg 480w, https:\/\/bilbozaharra.eus\/wp-content\/uploads\/2026\/03\/Deskontuak-2-1.jpg 1373w\" sizes=\"(max-width: 1200px) 100vw, 1200px\" \/><\/a>Para matricularte puedes\u00a0<strong><a href=\"https:\/\/bilbozaharra.eus\/es\/verano-16\/matricula-verano\/\">rellena este formulario online<\/a><\/strong>\u00a0ahora, o bien pasarte por nuestras oficinas.<\/p>\n<p>*NOTA: La matr\u00edcula ON-LINE no se considera provisional. Una vez realizada, se compromete a asistir al curso y al pago del mismo.<\/p>\n<h2>Cursos de oratoria<\/h2>\n\n<table id=\"tablepress-verano-oral\" class=\"tablepress tablepress-id-verano-oral tbody-has-connected-cells\">\n<thead>\n<tr class=\"row-1\">\n\t<th class=\"column-1\">\u00a0<\/th><th class=\"column-2\">FECHAS<\/th><th class=\"column-3\">HORARIO<\/th><th class=\"column-4\">NIVEL<\/th><th class=\"column-5\">PRECIO<\/th>\n<\/tr>\n<\/thead>\n<tbody class=\"row-striping row-hover\">\n<tr class=\"row-2\">\n\t<td class=\"column-1\">Julio<\/td><td class=\"column-2\">1-28<\/td><td class=\"column-3\">Ma\u00f1anas o tardes<\/td><td rowspan=\"3\" class=\"column-4\">B1, B2, C1\/EGA<\/td><td rowspan=\"3\" class=\"column-5\">285,00 \u20ac<br \/>\nCada mes*<\/td>\n<\/tr>\n<tr class=\"row-3\">\n\t<td class=\"column-1\">Agosto<\/td><td class=\"column-2\">1-31<\/td><td class=\"column-3\">Ma\u00f1anas<\/td>\n<\/tr>\n<tr class=\"row-4\">\n\t<td class=\"column-1\">Septiembre<\/td><td class=\"column-2\">2-28<\/td><td class=\"column-3\">Ma\u00f1anas o tardes<\/td>\n<\/tr>\n<\/tbody>\n<\/table>\n<!-- #tablepress-verano-oral from cache -->\n<p>Para matricularte puedes\u00a0<strong><a href=\"https:\/\/bilbozaharra.eus\/es\/verano-16\/matricula-verano\/\">rellena este formulario online<\/a><\/strong>\u00a0ahora, o bien pasarte por nuestras oficinas.<\/p>\n<p>*NOTA: La matr\u00edcula ON-LINE no se considera provisional. Una vez realizada, se compromete a asistir al curso y al pago del mismo.<\/p>\n<h2>AUTOAPRENDIZAJE<\/h2>\n<p>Curso de verano\u00a0(Julio, Agosto y Septiembre).<a href=\"https:\/\/bilbozaharra.eus\/es\/verano-2026\/autoaprendizaje-en-verano\/\"> Ver m\u00e1s<\/a><\/p>\n<p>En Agosto S\u00d3LO se podr\u00e1 realizar la modalidad ON-LINE[\/vc_column_text][\/vc_column][\/vc_row]<\/p>\n<\/div>","protected":false},"excerpt":{"rendered":"<p>Udaldia aprobetxatu nahi duzu euskara ikasteko edo hobetzeko? Hala bada, gure euskaltegian zure nahi eta beharretara moldatutako ikastaroak ditugu.<\/p>\n","protected":false},"author":2,"featured_media":12356,"parent":0,"menu_order":5,"comment_status":"closed","ping_status":"closed","template":"","meta":{"_acf_changed":false,"footnotes":""},"categories":[100],"tags":[],"class_list":["post-11283","page","type-page","status-publish","has-post-thumbnail","hentry","category-verano"],"acf":[],"_links":{"self":[{"href":"https:\/\/bilbozaharra.eus\/es\/wp-json\/wp\/v2\/pages\/11283","targetHints":{"allow":["GET"]}}],"collection":[{"href":"https:\/\/bilbozaharra.eus\/es\/wp-json\/wp\/v2\/pages"}],"about":[{"href":"https:\/\/bilbozaharra.eus\/es\/wp-json\/wp\/v2\/types\/page"}],"author":[{"embeddable":true,"href":"https:\/\/bilbozaharra.eus\/es\/wp-json\/wp\/v2\/users\/2"}],"replies":[{"embeddable":true,"href":"https:\/\/bilbozaharra.eus\/es\/wp-json\/wp\/v2\/comments?post=11283"}],"version-history":[{"count":15,"href":"https:\/\/bilbozaharra.eus\/es\/wp-json\/wp\/v2\/pages\/11283\/revisions"}],"predecessor-version":[{"id":17121,"href":"https:\/\/bilbozaharra.eus\/es\/wp-json\/wp\/v2\/pages\/11283\/revisions\/17121"}],"wp:featuredmedia":[{"embeddable":true,"href":"https:\/\/bilbozaharra.eus\/es\/wp-json\/wp\/v2\/media\/12356"}],"wp:attachment":[{"href":"https:\/\/bilbozaharra.eus\/es\/wp-json\/wp\/v2\/media?parent=11283"}],"wp:term":[{"taxonomy":"category","embeddable":true,"href":"https:\/\/bilbozaharra.eus\/es\/wp-json\/wp\/v2\/categories?post=11283"},{"taxonomy":"post_tag","embeddable":true,"href":"https:\/\/bilbozaharra.eus\/es\/wp-json\/wp\/v2\/tags?post=11283"}],"curies":[{"name":"wp","href":"https:\/\/api.w.org\/{rel}","templated":true}]}}